{"id":123,"date":"2012-02-17T18:13:29","date_gmt":"2012-02-17T17:13:29","guid":{"rendered":"http:\/\/gallican-montbrison.fr\/wp\/?page_id=123"},"modified":"2013-11-06T17:17:02","modified_gmt":"2013-11-06T16:17:02","slug":"lannee-liturgique","status":"publish","type":"page","link":"https:\/\/gallican-montbrison.fr\/wp\/?page_id=123","title":{"rendered":"Ann\u00e9e liturgique"},"content":{"rendered":"<p><strong><span style=\"color: #0000ff;\"><span style=\"color: #3366ff;\">L&rsquo;ann\u00e9e liturgique est l&rsquo;\u00e9nergie du temps.<a href=\"http:\/\/gallican-montbrison.fr\/wp\/wp-content\/uploads\/2012\/02\/DSCN1306.jpg\"><img loading=\"lazy\" decoding=\"async\" class=\"alignright size-thumbnail wp-image-1330\" title=\"DSCN1306\" alt=\"\" src=\"http:\/\/gallican-montbrison.fr\/wp\/wp-content\/uploads\/2012\/02\/DSCN1306-150x150.jpg\" width=\"150\" height=\"150\" \/><\/a><\/span><\/span><\/strong><\/p>\n<p><span style=\"color: #000000;\">Elle trace un lien entre la terre et le ciel, entre le visible et l&rsquo;invisible entre l&rsquo;humain et le divin&#8230;<\/span><\/p>\n<p>Les c\u00e9l\u00e9brations de l&rsquo;ann\u00e9e permettent aux chr\u00e9tiens de revivre l&rsquo;ensemble de l&rsquo;histoire de la vie du Christ et du salut des hommes sur une ann\u00e9e.\u00a0l&rsquo;Eucharistie, sacrement qui nous unit \u00e0 l&rsquo;intimit\u00e9 de la pr\u00e9sence de Dieu, point culminant de la messe, ressource l&rsquo;homme et transforme son \u00e2me. Elle l&rsquo;aide \u00e0 \u00ab\u00a0garder le contact avec le P\u00e8re\u00a0\u00bb<\/p>\n<p><strong><span style=\"color: #ff6600;\">\u00a0\u00ab\u00a0Tu ne me transformeras pas en toi, comme la nourriture en ta chair, mais tu te transformeras en Moi\u00a0\u00bb<\/span><\/strong> (Saint Augustin,\u00a0<em>Confessions<\/em>\u00a07, 10)<\/p>\n<p><span style=\"color: #3366ff;\">Nous vous proposons de nous rejoindre pour prier ensemble. Vous retrouverez les dates et heures de c\u00e9l\u00e9brations de la chapelle St Michel sur <a title=\"le quatre temps\" href=\"http:\/\/gallican-montbrison.fr\/wp\/?page_id=1419\" target=\"_blank\">le bulletin \u00ab\u00a0le quatre temps\u00a0\u00bb<\/a>.<\/span><\/p>\n<p>Retrouvez aussi <a title=\"hom\u00e9lies\" href=\"http:\/\/gallican-montbrison.fr\/wp\/?cat=4\" target=\"_blank\">les hom\u00e9lies<\/a> relatives \u00e0 chaque dimanche ou f\u00eate.<\/p>\n<ul>\n<li><span style=\"color: #0000ff;\">AVENT<\/span><\/li>\n<li><span style=\"color: #0000ff;\">NOEL<\/span><\/li>\n<li><span style=\"color: #0000ff;\">EPIPHANIE<\/span><\/li>\n<li><span style=\"color: #0000ff;\">MERCREDI des CENDRES<\/span><\/li>\n<li><span style=\"color: #0000ff;\">DIMANCHE de la PASSION<\/span><\/li>\n<li><span style=\"color: #0000ff;\">DIMANCHE des RAMEAUX<\/span><\/li>\n<li><span style=\"color: #0000ff;\">JEUDI Saint \u00a0&#8211; \u00a0VENDREDI Saint \u00a0&#8211; \u00a0SAMEDI Saint<\/span><\/li>\n<li><span style=\"color: #0000ff;\">P\u00c2QUES &#8211; F\u00eate de la R\u00e9surrection<\/span><\/li>\n<li><span style=\"color: #0000ff;\">ASCENSION<\/span><\/li>\n<li><span style=\"color: #0000ff;\">PENTECOTE &#8211; La venue de l&rsquo;Esprit Saint\u00a0<\/span><\/li>\n<li><span style=\"color: #0000ff;\">ASSOMPTION<\/span><\/li>\n<li><span style=\"color: #0000ff;\">FETE de tous les SAINTS<\/span><\/li>\n<li style=\"text-align: justify;\"><span style=\"color: #0000ff;\">COMMEMORATION des DEFUNTS<\/span><span style=\"font-size: small; color: #000000;\">\u00a0 \u00a0 \u00a0 \u00a0 \u00a0 \u00a0 \u00a0 \u00a0 \u00a0 \u00a0 \u00a0 \u00a0 \u00a0 \u00a0 \u00a0 \u00a0 \u00a0 \u00a0 \u00a0 \u00a0 \u00a0 \u00a0\u00a0<\/span><\/li>\n<\/ul>\n<p><a href=\"http:\/\/gallican-montbrison.fr\/wp\/wp-content\/uploads\/2012\/02\/cycle-ann\u00e9e-liturgique1.jpg\"><img loading=\"lazy\" decoding=\"async\" class=\"alignnone size-large wp-image-777\" title=\"cycle ann\u00e9e liturgique\" alt=\"\" src=\"http:\/\/gallican-montbrison.fr\/wp\/wp-content\/uploads\/2012\/02\/cycle-ann\u00e9e-liturgique1-743x1024.jpg\" width=\"640\" height=\"882\" srcset=\"https:\/\/gallican-montbrison.fr\/wp\/wp-content\/uploads\/2012\/02\/cycle-ann\u00e9e-liturgique1-743x1024.jpg 743w, https:\/\/gallican-montbrison.fr\/wp\/wp-content\/uploads\/2012\/02\/cycle-ann\u00e9e-liturgique1-217x300.jpg 217w\" sizes=\"(max-width: 640px) 100vw, 640px\" \/><\/a><\/p>\n<p><a href=\"http:\/\/gallican-montbrison.fr\/wp\/wp-content\/uploads\/2012\/02\/f\u00eates-ann\u00e9e-liturgique1.jpg\"><img loading=\"lazy\" decoding=\"async\" class=\"alignnone size-large wp-image-778\" title=\"f\u00eates ann\u00e9e liturgique\" alt=\"\" src=\"http:\/\/gallican-montbrison.fr\/wp\/wp-content\/uploads\/2012\/02\/f\u00eates-ann\u00e9e-liturgique1-843x1024.jpg\" width=\"640\" height=\"777\" srcset=\"https:\/\/gallican-montbrison.fr\/wp\/wp-content\/uploads\/2012\/02\/f\u00eates-ann\u00e9e-liturgique1-843x1024.jpg 843w, https:\/\/gallican-montbrison.fr\/wp\/wp-content\/uploads\/2012\/02\/f\u00eates-ann\u00e9e-liturgique1-247x300.jpg 247w\" sizes=\"(max-width: 640px) 100vw, 640px\" \/><\/a><\/p>\n<p><strong><span style=\"color: #3366ff;\">Les couleurs religieuses pendant l&rsquo;ann\u00e9e: explications et symbolisme<\/span><\/strong><\/p>\n<p>Dans les \u00c9gli\u00adses chr\u00e9\u00adtien\u00adnes, la li\u00adtur\u00adgie d\u00e9\u00adsi\u00adgne tout un en\u00adsem\u00adble<\/p>\n<ul>\n<li>de c\u00e9\u00adr\u00e9\u00admo\u00adnies,<\/li>\n<li>de tex\u00adtes et de pa\u00adro\u00adles,<\/li>\n<li>d\u2019or\u00adne\u00adments, de v\u00ea\u00adte\u00adments sa\u00adcer\u00addo\u00adtaux et de tis\u00adsus des\u00adti\u00adn\u00e9s aux mo\u00adbi\u00adliers et aux ob\u00adjets du culte .<\/li>\n<li style=\"text-align: left;\">de couleurs<\/li>\n<\/ul>\n<p>qui ensemble don\u00adnent forme, con\u00adte\u00adnu et con\u00adti\u00adnui\u00adt\u00e9 chro\u00adno\u00adlo\u00adgi\u00adque au d\u00e9\u00adrou\u00adle\u00adment de la vie re\u00adli\u00adgieuse du cler\u00adg\u00e9 et des fi\u00add\u00e8\u00adles, tout au long de l\u2019an\u00adn\u00e9e.<\/p>\n<p>L&rsquo;Eglise primitive\u00a0a d\u2019abord pri\u00advil\u00e9gi\u00e9 un \u00ab blanc pur \u00bb. Il a fallu attendre 1200 pour que le pape In\u00adno\u00adcent III pro\u00admul\u00adgue une ins\u00adtruc\u00adtion \u00e0 ce su\u00adjet, ren\u00adfor\u00adc\u00e9e quel\u00adque trois si\u00e8\u00adcles plus tard par Pie V.<\/p>\n<p>Dans l\u2019\u00c9glise ca\u00adtho\u00adli\u00adque, l\u2019aube et le cor\u00addon sont tou\u00adjours blancs ; en re\u00advan\u00adche, la cha\u00adsu\u00adble, le ma\u00adni\u00adpule et l\u2019\u00e9tole sont faits de la m\u00eame \u00e9toffe, mais de cou\u00adleurs di\u00adver\u00adses : blanc, rouge, vert, vio\u00adlet, noir, rose, or ou encore cendr\u00e9.<\/p>\n<p>Le pro\u00adpos de toute Eglise est, en ef\u00adfet, d\u2019\u00e9ta\u00adblir un rythme r\u00e9\u00adgu\u00adlier au tra\u00advers du\u00adquel la vie des fi\u00add\u00e8\u00adles se rap\u00adpro\u00adche de la vie \u00e9ter\u00adnelle, moyen\u00adnant la sanc\u00adti\u00adfi\u00adca\u00adtion du temps lui-m\u00eame. L\u2019an\u00adn\u00e9e li\u00adtur\u00adgi\u00adque suit le d\u00e9\u00adrou\u00adle\u00adment de la des\u00adti\u00adn\u00e9e ter\u00adres\u00adtre du Christ, de\u00adpuis l\u2019Avent jus\u00adqu\u2019\u00e0 la Pen\u00adte\u00adc\u00f4te, en con\u00adju\u00adguant les f\u00ea\u00adtes chris\u00adti\u00adques \u00e0 cel\u00adles des saints, que le cy\u00adcle ca\u00adtho\u00adli\u00adque a in\u00adter\u00adca\u00adl\u00e9es dans le ca\u00adlen\u00addrier chris\u00adti\u00adque. Les prin\u00adci\u00adpa\u00adles f\u00ea\u00adtes de l\u2019an\u00adn\u00e9e re\u00adli\u00adgieuse sont No\u00ebl, P\u00e2\u00adques, l\u2019As\u00adcen\u00adsion, la Pen\u00adte\u00adc\u00f4te et la Tous\u00adsaint.<\/p>\n<p>Les f\u00ea\u00adtes li\u00adtur\u00adgi\u00adques sont aussi mises en relation avec le ca\u00adlen\u00addrier as\u00adtro\u00adno\u00admi\u00adque des sols\u00adti\u00adces et des \u00e9qui\u00adnoxes, si im\u00adpor\u00adtant. On voit clai\u00adre\u00adment \u00e0 quel point le ca\u00adlen\u00addrier li\u00adtur\u00adgi\u00adque se su\u00adper\u00adpo\u00adser au ca\u00adlen\u00addrier as\u00adtro\u00adno\u00admi\u00adque.<\/p>\n<p>Chaque c\u00e9l\u00e9bration est pos\u00e9e en relation avec:<\/p>\n<ul>\n<li>le jour de la c\u00e9l\u00e9bration qui varie en fonction de la position de P\u00e2ques suivant la course de la lune,<\/li>\n<li>les textes de la c\u00e9l\u00e9bration,<\/li>\n<li>la couleur employ\u00e9e pour les v\u00eatements des religieux et les ornements<\/li>\n<\/ul>\n<p>c&rsquo;est un tout qui vibre en accord<\/p>\n<p>Les p\u00e8res de l\u2019Eglise qui ont mis tout cela en place n\u2019avaient d\u2019autre objectif que de tout mettre en \u0153uvre du mieux possible et en corr\u00e9lation pour l\u2019\u00e9dification du peuple chr\u00e9tien et son avancement dans la vie spirituelle.<\/p>\n<p><strong>Les cou\u00adleurs li\u00adtur\u00adgi\u00adques<\/strong><\/p>\n<p><strong>\u00a0<\/strong>\u00a0 \u00a0 \u00a0 \u00a0 \u00a0Cha\u00adcun con\u00adna\u00eet l&rsquo;im\u00adpor\u00adtance de la cou\u00adleur dans la vie de tous les jours. Elle sou\u00adli\u00adgne l&rsquo;im\u00adpor\u00adtance de cer\u00adtains \u00e9v\u00e9\u00adne\u00adments, em\u00adbel\u00adlit les pa\u00adges des ma\u00adga\u00adzi\u00adnes ou des si\u00adtes in\u00adter\u00adnet&#8230;<\/p>\n<p>Elle a aus\u00adsi un r\u00f4le im\u00adpor\u00adtant sur no\u00adtre psy\u00adchisme et nos \u00e9tats d&rsquo;\u00e2me et les ex\u00adpres\u00adsions sym\u00adbo\u00adli\u00adques en ce sens ne man\u00adquent pas : \u00a0\u00bb Voir la vie en rose \u00ab\u00a0, \u00a0\u00bb Broyer du noir \u00ab\u00a0, \u00a0\u00bb Voir rouge \u00ab\u00a0, \u00a0\u00bb Rire jaune\u00a0\u00bb&#8230;<\/p>\n<p>L&rsquo;\u00c9glise se sert de la cou\u00adleur dans sa li\u00adtur\u00adgie pour nous ai\u00adder \u00e0 p\u00e9\u00adn\u00e9\u00adtrer le mys\u00adt\u00e8re de la f\u00eate c\u00e9\u00adl\u00e9\u00adbr\u00e9e et pour sug\u00adg\u00e9\u00adrer \u00e0 no\u00adtre es\u00adprit le temps li\u00adtur\u00adgi\u00adque dans le\u00adquel on vit, en r\u00e9\u00adf\u00e9\u00adrence soit:<\/p>\n<p>au cy\u00adcle tem\u00adpo\u00adral (cen\u00adtr\u00e9 sur le Christ ).<\/p>\n<p>au cy\u00adcle sanc\u00adto\u00adral (vie des sain\u00adtes et saints )<\/p>\n<p>Le pr\u00ea\u00adtre, qui va c\u00e9\u00adl\u00e9\u00adbrer la messe, sait qu&rsquo;il va ac\u00adcom\u00adplir un acte im\u00adpor\u00adtant pour le sa\u00adlut de cha\u00adcun. Il se pr\u00e9\u00adpare donc in\u00adt\u00e9\u00adrieu\u00adre\u00adment. Le c\u00e9\u00adl\u00e9\u00adbrant re\u00adv\u00eat alors cer\u00adtains v\u00ea\u00adte\u00adments, por\u00adteurs de sym\u00adbo\u00adlisme et t\u00e9\u00admoins d&rsquo;une lon\u00adgue tra\u00addi\u00adtion his\u00adto\u00adri\u00adque.<\/p>\n<p>Voi\u00adci quel\u00adques ex\u00adpli\u00adca\u00adtions sur les cou\u00adleurs uti\u00adli\u00ads\u00e9es. El\u00adles pour\u00adront vous ai\u00adder \u00e0 mieux com\u00adpren\u00addre ce que nous voyons lors des mes\u00adses ou des dif\u00adf\u00e9\u00adrents of\u00adfi\u00adces du\u00adrant l&rsquo;an\u00adn\u00e9e.<\/p>\n<p>Qua\u00adtre cou\u00adleurs sont prin\u00adci\u00adpa\u00adle\u00adment uti\u00adli\u00ads\u00e9es:<\/p>\n<p>le blanc\u00a0 &#8211;\u00a0 le vert\u00a0 &#8211;\u00a0 le vio\u00adlet\u00a0 &#8211;\u00a0 le rouge<\/p>\n<p>D&rsquo;au\u00adtres cou\u00adleurs peu\u00advent aus\u00adsi \u00eatre uti\u00adli\u00ads\u00e9es afin de mar\u00adquer plus pr\u00e9\u00adci\u00adse\u00adment un \u00e9v\u00e8\u00adne\u00adment:<\/p>\n<p>l&rsquo;or\u00a0 &#8211;\u00a0 le noir\u00a0 &#8211; le rose\u00a0 &#8211;\u00a0 le bleu\u00a0 &#8211;\u00a0 le cendr\u00e9<\/p>\n<p><strong><span style=\"color: #3366ff;\">Retrouvez<\/span><\/strong> <a title=\"couleurs liturgiques\" href=\"http:\/\/gallican-montbrison.fr\/wp\/?p=1412\" target=\"_blank\">l&rsquo;explication, le symbolisme et la m\u00e9ditation li\u00e9s \u00e0 chaque couleur<\/a><\/p>\n","protected":false},"excerpt":{"rendered":"<p>L&rsquo;ann\u00e9e liturgique est l&rsquo;\u00e9nergie du temps. Elle trace un lien entre la terre et le ciel, entre le visible et l&rsquo;invisible entre l&rsquo;humain et le divin&#8230; Les c\u00e9l\u00e9brations de l&rsquo;ann\u00e9e permettent aux chr\u00e9tiens de revivre l&rsquo;ensemble de l&rsquo;histoire de la &hellip; <a href=\"https:\/\/gallican-montbrison.fr\/wp\/?page_id=123\">Continuer la lecture <span class=\"meta-nav\">&rarr;<\/span><\/a><\/p>\n","protected":false},"author":3,"featured_media":0,"parent":0,"menu_order":3,"comment_status":"closed","ping_status":"open","template":"","meta":{"footnotes":""},"class_list":["post-123","page","type-page","status-publish","hentry"],"yoast_head":"<!-- This site is optimized with the Yoast SEO plugin v25.6 - https:\/\/yoast.com\/wordpress\/plugins\/seo\/ -->\n<title>Ann\u00e9e liturgique - Chapelle Saint Michel Archange Montbrison<\/title>\n<meta name=\"robots\" content=\"index, follow, max-snippet:-1, max-image-preview:large, max-video-preview:-1\" \/>\n<link rel=\"canonical\" href=\"https:\/\/gallican-montbrison.fr\/wp\/?page_id=123\" \/>\n<meta property=\"og:locale\" content=\"fr_FR\" \/>\n<meta property=\"og:type\" content=\"article\" \/>\n<meta property=\"og:title\" content=\"Ann\u00e9e liturgique - Chapelle Saint Michel Archange Montbrison\" \/>\n<meta property=\"og:description\" content=\"L&rsquo;ann\u00e9e liturgique est l&rsquo;\u00e9nergie du temps. Elle trace un lien entre la terre et le ciel, entre le visible et l&rsquo;invisible entre l&rsquo;humain et le divin&#8230; Les c\u00e9l\u00e9brations de l&rsquo;ann\u00e9e permettent aux chr\u00e9tiens de revivre l&rsquo;ensemble de l&rsquo;histoire de la &hellip; Continuer la lecture &rarr;\" \/>\n<meta property=\"og:url\" content=\"https:\/\/gallican-montbrison.fr\/wp\/?page_id=123\" \/>\n<meta property=\"og:site_name\" content=\"Chapelle Saint Michel Archange Montbrison\" \/>\n<meta property=\"article:publisher\" content=\"https:\/\/www.facebook.com\/people\/Eglise-Gallicane-Chapelle-Saint-Michel-Archange\/100064564306693\/\" \/>\n<meta property=\"article:modified_time\" content=\"2013-11-06T16:17:02+00:00\" \/>\n<meta property=\"og:image\" content=\"http:\/\/gallican-montbrison.fr\/wp\/wp-content\/uploads\/2012\/02\/DSCN1306-150x150.jpg\" \/>\n<meta name=\"twitter:card\" content=\"summary_large_image\" \/>\n<meta name=\"twitter:label1\" content=\"Dur\u00e9e de lecture estim\u00e9e\" \/>\n\t<meta name=\"twitter:data1\" content=\"6 minutes\" \/>\n<script type=\"application\/ld+json\" class=\"yoast-schema-graph\">{\"@context\":\"https:\/\/schema.org\",\"@graph\":[{\"@type\":\"WebPage\",\"@id\":\"https:\/\/gallican-montbrison.fr\/wp\/?page_id=123\",\"url\":\"https:\/\/gallican-montbrison.fr\/wp\/?page_id=123\",\"name\":\"Ann\u00e9e liturgique - Chapelle Saint Michel Archange Montbrison\",\"isPartOf\":{\"@id\":\"https:\/\/gallican-montbrison.fr\/wp\/#website\"},\"primaryImageOfPage\":{\"@id\":\"https:\/\/gallican-montbrison.fr\/wp\/?page_id=123#primaryimage\"},\"image\":{\"@id\":\"https:\/\/gallican-montbrison.fr\/wp\/?page_id=123#primaryimage\"},\"thumbnailUrl\":\"http:\/\/gallican-montbrison.fr\/wp\/wp-content\/uploads\/2012\/02\/DSCN1306-150x150.jpg\",\"datePublished\":\"2012-02-17T17:13:29+00:00\",\"dateModified\":\"2013-11-06T16:17:02+00:00\",\"breadcrumb\":{\"@id\":\"https:\/\/gallican-montbrison.fr\/wp\/?page_id=123#breadcrumb\"},\"inLanguage\":\"fr-FR\",\"potentialAction\":[{\"@type\":\"ReadAction\",\"target\":[\"https:\/\/gallican-montbrison.fr\/wp\/?page_id=123\"]}]},{\"@type\":\"ImageObject\",\"inLanguage\":\"fr-FR\",\"@id\":\"https:\/\/gallican-montbrison.fr\/wp\/?page_id=123#primaryimage\",\"url\":\"https:\/\/gallican-montbrison.fr\/wp\/wp-content\/uploads\/2012\/02\/DSCN1306.jpg\",\"contentUrl\":\"https:\/\/gallican-montbrison.fr\/wp\/wp-content\/uploads\/2012\/02\/DSCN1306.jpg\",\"width\":\"1024\",\"height\":\"768\"},{\"@type\":\"BreadcrumbList\",\"@id\":\"https:\/\/gallican-montbrison.fr\/wp\/?page_id=123#breadcrumb\",\"itemListElement\":[{\"@type\":\"ListItem\",\"position\":1,\"name\":\"Accueil\",\"item\":\"https:\/\/gallican-montbrison.fr\/wp\"},{\"@type\":\"ListItem\",\"position\":2,\"name\":\"Ann\u00e9e liturgique\"}]},{\"@type\":\"WebSite\",\"@id\":\"https:\/\/gallican-montbrison.fr\/wp\/#website\",\"url\":\"https:\/\/gallican-montbrison.fr\/wp\/\",\"name\":\"Chapelle Saint Michel Archange Montbrison\",\"description\":\"Eglise Gallicane, Tradition Apostolique de Gazinet\",\"potentialAction\":[{\"@type\":\"SearchAction\",\"target\":{\"@type\":\"EntryPoint\",\"urlTemplate\":\"https:\/\/gallican-montbrison.fr\/wp\/?s={search_term_string}\"},\"query-input\":{\"@type\":\"PropertyValueSpecification\",\"valueRequired\":true,\"valueName\":\"search_term_string\"}}],\"inLanguage\":\"fr-FR\"}]}<\/script>\n<!-- \/ Yoast SEO plugin. -->","yoast_head_json":{"title":"Ann\u00e9e liturgique - Chapelle Saint Michel Archange Montbrison","robots":{"index":"index","follow":"follow","max-snippet":"max-snippet:-1","max-image-preview":"max-image-preview:large","max-video-preview":"max-video-preview:-1"},"canonical":"https:\/\/gallican-montbrison.fr\/wp\/?page_id=123","og_locale":"fr_FR","og_type":"article","og_title":"Ann\u00e9e liturgique - Chapelle Saint Michel Archange Montbrison","og_description":"L&rsquo;ann\u00e9e liturgique est l&rsquo;\u00e9nergie du temps. Elle trace un lien entre la terre et le ciel, entre le visible et l&rsquo;invisible entre l&rsquo;humain et le divin&#8230; Les c\u00e9l\u00e9brations de l&rsquo;ann\u00e9e permettent aux chr\u00e9tiens de revivre l&rsquo;ensemble de l&rsquo;histoire de la &hellip; Continuer la lecture &rarr;","og_url":"https:\/\/gallican-montbrison.fr\/wp\/?page_id=123","og_site_name":"Chapelle Saint Michel Archange Montbrison","article_publisher":"https:\/\/www.facebook.com\/people\/Eglise-Gallicane-Chapelle-Saint-Michel-Archange\/100064564306693\/","article_modified_time":"2013-11-06T16:17:02+00:00","og_image":[{"url":"http:\/\/gallican-montbrison.fr\/wp\/wp-content\/uploads\/2012\/02\/DSCN1306-150x150.jpg","type":"","width":"","height":""}],"twitter_card":"summary_large_image","twitter_misc":{"Dur\u00e9e de lecture estim\u00e9e":"6 minutes"},"schema":{"@context":"https:\/\/schema.org","@graph":[{"@type":"WebPage","@id":"https:\/\/gallican-montbrison.fr\/wp\/?page_id=123","url":"https:\/\/gallican-montbrison.fr\/wp\/?page_id=123","name":"Ann\u00e9e liturgique - Chapelle Saint Michel Archange Montbrison","isPartOf":{"@id":"https:\/\/gallican-montbrison.fr\/wp\/#website"},"primaryImageOfPage":{"@id":"https:\/\/gallican-montbrison.fr\/wp\/?page_id=123#primaryimage"},"image":{"@id":"https:\/\/gallican-montbrison.fr\/wp\/?page_id=123#primaryimage"},"thumbnailUrl":"http:\/\/gallican-montbrison.fr\/wp\/wp-content\/uploads\/2012\/02\/DSCN1306-150x150.jpg","datePublished":"2012-02-17T17:13:29+00:00","dateModified":"2013-11-06T16:17:02+00:00","breadcrumb":{"@id":"https:\/\/gallican-montbrison.fr\/wp\/?page_id=123#breadcrumb"},"inLanguage":"fr-FR","potentialAction":[{"@type":"ReadAction","target":["https:\/\/gallican-montbrison.fr\/wp\/?page_id=123"]}]},{"@type":"ImageObject","inLanguage":"fr-FR","@id":"https:\/\/gallican-montbrison.fr\/wp\/?page_id=123#primaryimage","url":"https:\/\/gallican-montbrison.fr\/wp\/wp-content\/uploads\/2012\/02\/DSCN1306.jpg","contentUrl":"https:\/\/gallican-montbrison.fr\/wp\/wp-content\/uploads\/2012\/02\/DSCN1306.jpg","width":"1024","height":"768"},{"@type":"BreadcrumbList","@id":"https:\/\/gallican-montbrison.fr\/wp\/?page_id=123#breadcrumb","itemListElement":[{"@type":"ListItem","position":1,"name":"Accueil","item":"https:\/\/gallican-montbrison.fr\/wp"},{"@type":"ListItem","position":2,"name":"Ann\u00e9e liturgique"}]},{"@type":"WebSite","@id":"https:\/\/gallican-montbrison.fr\/wp\/#website","url":"https:\/\/gallican-montbrison.fr\/wp\/","name":"Chapelle Saint Michel Archange Montbrison","description":"Eglise Gallicane, Tradition Apostolique de Gazinet","potentialAction":[{"@type":"SearchAction","target":{"@type":"EntryPoint","urlTemplate":"https:\/\/gallican-montbrison.fr\/wp\/?s={search_term_string}"},"query-input":{"@type":"PropertyValueSpecification","valueRequired":true,"valueName":"search_term_string"}}],"inLanguage":"fr-FR"}]}},"_links":{"self":[{"href":"https:\/\/gallican-montbrison.fr\/wp\/index.php?rest_route=\/wp\/v2\/pages\/123"}],"collection":[{"href":"https:\/\/gallican-montbrison.fr\/wp\/index.php?rest_route=\/wp\/v2\/pages"}],"about":[{"href":"https:\/\/gallican-montbrison.fr\/wp\/index.php?rest_route=\/wp\/v2\/types\/page"}],"author":[{"embeddable":true,"href":"https:\/\/gallican-montbrison.fr\/wp\/index.php?rest_route=\/wp\/v2\/users\/3"}],"replies":[{"embeddable":true,"href":"https:\/\/gallican-montbrison.fr\/wp\/index.php?rest_route=%2Fwp%2Fv2%2Fcomments&post=123"}],"version-history":[{"count":34,"href":"https:\/\/gallican-montbrison.fr\/wp\/index.php?rest_route=\/wp\/v2\/pages\/123\/revisions"}],"predecessor-version":[{"id":3055,"href":"https:\/\/gallican-montbrison.fr\/wp\/index.php?rest_route=\/wp\/v2\/pages\/123\/revisions\/3055"}],"wp:attachment":[{"href":"https:\/\/gallican-montbrison.fr\/wp\/index.php?rest_route=%2Fwp%2Fv2%2Fmedia&parent=123"}],"curies":[{"name":"wp","href":"https:\/\/api.w.org\/{rel}","templated":true}]}}